{"id":8291,"date":"2018-03-11T19:31:32","date_gmt":"2018-03-11T19:31:32","guid":{"rendered":"https:\/\/kolyoum.bdaia.com\/sports\/?page_id=44"},"modified":"2024-11-22T11:12:43","modified_gmt":"2024-11-22T15:42:43","slug":"home","status":"publish","type":"page","link":"https:\/\/luchadeclases.com\/","title":{"rendered":"Home"},"content":{"rendered":"[vc_row css=\u00bb.vc_custom_1593591264221{margin-right: 0px !important;margin-left: 0px !important;border-left-width: 0px !important;padding-right: 15px !important;padding-left: 15px !important;}\u00bb][vc_column width=\u00bb1\/3&#8243;]<div id=\"articles_box_1\" class=\"articles-box-dark articles-box articles-box-block635\"  style=\"--blocks-color: #000000\">\n\t\t\t\t\t\t\t\t\t\t<div class=\"articles-box-container-wrapper\"><div class=\"articles-box-container\">\n\t\t\t\t\t\t\t\t\t\t<div class=\"articles-box-content\"><ul class=\"articles-box-items articles-box-list-container clearfix articles-items-1\"><li class=\"articles-box-item article-item-standard\"><h3 class=\"article-title\"><a href=\"https:\/\/luchadeclases.com\/?p=13333\" title=\"Soberan\u00eda en discurso, subordinaci\u00f3n en la pr\u00e1ctica: la relaci\u00f3n M\u00e9xico\u2013Estados Unidos hoy\">Soberan\u00eda en discurso, subordinaci\u00f3n en la pr\u00e1ctica: la relaci\u00f3n M\u00e9xico\u2013Estados Unidos hoy<\/a><\/h3><div class=\"article-thumb kolyoum-large\"><div class=\"block-info-cat\"><a class=\"bd-cat-link cat-558\" href=\"https:\/\/luchadeclases.com\/?cat=558\">Principal<\/a>\n<a class=\"bd-cat-link cat-483\" href=\"https:\/\/luchadeclases.com\/?cat=483\">Principales<\/a>\n<\/div><a href=\"https:\/\/luchadeclases.com\/?p=13333\" title=\"Soberan\u00eda en discurso, subordinaci\u00f3n en la pr\u00e1ctica: la relaci\u00f3n M\u00e9xico\u2013Estados Unidos hoy\"><img fetchpriority=\"high\" decoding=\"async\" width=\"766\" height=\"470\" src=\"https:\/\/luchadeclases.com\/wp-content\/uploads\/2026\/04\/Captura-de-pantalla-2026-04-24-a-las-8.16.46\u202fp.-m.png\" class=\"attachment-kolyoum-large size-kolyoum-large wp-post-image\" alt=\"\" srcset=\"https:\/\/luchadeclases.com\/wp-content\/uploads\/2026\/04\/Captura-de-pantalla-2026-04-24-a-las-8.16.46\u202fp.-m.png 766w, https:\/\/luchadeclases.com\/wp-content\/uploads\/2026\/04\/Captura-de-pantalla-2026-04-24-a-las-8.16.46\u202fp.-m-300x184.png 300w, https:\/\/luchadeclases.com\/wp-content\/uploads\/2026\/04\/Captura-de-pantalla-2026-04-24-a-las-8.16.46\u202fp.-m-700x430.png 700w\" sizes=\"(max-width: 766px) 100vw, 766px\" \/><\/a><\/div><div class=\"article-details\"><p class=\"article-excerpt\">Las relaciones entre el imperialismo americano y el gobierno mexicano han estado en tensi\u00f3n permanente desde que Trump asumi\u00f3 su segundo mandato. Antes de que se conociera el Plan de Seguridad de los Estados Unidos, las exigencias ya segu\u00edan un camino claro: recuperar el control del imperialismo en el continente americano y desplazar a China de la regi\u00f3n.<\/p><\/div><\/li><\/ul><div class=\"end_posts\"><\/div>\t\t<\/div>\n\t\t\t\t\t\t\t\t   <\/div>\t\t<\/div>\n\t\t\t\t\t\t\t\t   <\/div>[\/vc_column][vc_column width=\u00bb1\/3&#8243;]<div id=\"articles_box_2\" class=\"articles-box articles-box-block627\"  style=\"--blocks-color: #ededed\">\n\t\t\t\t\t\t\t\t\t\t<div class=\"articles-box-container-wrapper\"><div class=\"articles-box-container\">\n\t\t\t\t\t\t\t\t\t\t<div class=\"articles-box-content\"><ul class=\"articles-box-items articles-box-list-container clearfix articles-items-1\"><li class=\"articles-box-item article-item-standard\"><div class=\"article-thumb kolyoum-blocks-large\"><div class=\"block-info-cat\"><a class=\"bd-cat-link cat-99\" href=\"https:\/\/luchadeclases.com\/?cat=99\">EEUU<\/a>\n<a class=\"bd-cat-link cat-558\" href=\"https:\/\/luchadeclases.com\/?cat=558\">Principal<\/a>\n<a class=\"bd-cat-link cat-483\" href=\"https:\/\/luchadeclases.com\/?cat=483\">Principales<\/a>\n<\/div><a href=\"https:\/\/luchadeclases.com\/?p=13329\" title=\"Estados Unidos: \u00abLo \u00fanico que ten\u00edan que hacer era pagarnos lo suficiente para vivir\u00bb \u2013 Un incendio provocado en un almac\u00e9n da voz a la ira de la clase trabajadora\"><img decoding=\"async\" width=\"406\" height=\"233\" src=\"https:\/\/luchadeclases.com\/wp-content\/uploads\/2026\/04\/Captura-de-pantalla-2026-04-24-a-las-8.13.21\u202fp.-m-406x233.png\" class=\"attachment-kolyoum-blocks-large size-kolyoum-blocks-large wp-post-image\" alt=\"\" \/><\/a><\/div><div class=\"article-details\"><h3 class=\"article-title\"><a href=\"https:\/\/luchadeclases.com\/?p=13329\" title=\"Estados Unidos: \u00abLo \u00fanico que ten\u00edan que hacer era pagarnos lo suficiente para vivir\u00bb \u2013 Un incendio provocado en un almac\u00e9n da voz a la ira de la clase trabajadora\">Estados Unidos: \u00abLo \u00fanico que ten\u00edan que hacer era pagarnos lo suficiente para vivir\u00bb \u2013 Un incendio provocado en un almac\u00e9n da voz a la ira de la clase trabajadora<\/a><\/h3><p class=\"article-excerpt\">\u00abMucha gente lo va a entender\u00bb, le dijo Chamel Abdulkarim seg\u00fan se informa a su novia por tel\u00e9fono momentos despu\u00e9s de incendiar el centro de distribuci\u00f3n de Kimberly Clark, de 1,2 millones de pies cuadrados, donde&hellip;<\/p><\/div><\/li><li class=\"articles-box-item article-item-standard\"><div class=\"article-thumb kolyoum-blocks-large\"><div class=\"block-info-cat\"><a class=\"bd-cat-link cat-558\" href=\"https:\/\/luchadeclases.com\/?cat=558\">Principal<\/a>\n<a class=\"bd-cat-link cat-483\" href=\"https:\/\/luchadeclases.com\/?cat=483\">Principales<\/a>\n<\/div><a href=\"https:\/\/luchadeclases.com\/?p=13326\" title=\"La hipocres\u00eda del \u201cno a la guerra\u201d de la cumbre progresista por la democracia de Barcelona\"><img decoding=\"async\" width=\"406\" height=\"233\" src=\"https:\/\/luchadeclases.com\/wp-content\/uploads\/2026\/04\/Captura-de-pantalla-2026-04-24-a-las-8.03.46\u202fp.-m-406x233.png\" class=\"attachment-kolyoum-blocks-large size-kolyoum-blocks-large wp-post-image\" alt=\"\" \/><\/a><\/div><div class=\"article-details\"><h3 class=\"article-title\"><a href=\"https:\/\/luchadeclases.com\/?p=13326\" title=\"La hipocres\u00eda del \u201cno a la guerra\u201d de la cumbre progresista por la democracia de Barcelona\">La hipocres\u00eda del \u201cno a la guerra\u201d de la cumbre progresista por la democracia de Barcelona<\/a><\/h3><p class=\"article-excerpt\">Convocada bajo los auspicios de la Global Progressive Mobilisation - as\u00ed en ingl\u00e9s en la versi\u00f3n espa\u00f1ola - del 17 al 19 de abril se celebr\u00f3 en Barcelona la IV reuni\u00f3n \u201cEn defensa de la democracia\u201d,&hellip;<\/p><\/div><\/li><\/ul><div class=\"end_posts\"><\/div>\t\t<\/div>\n\t\t\t\t\t\t\t\t   <\/div>\t\t<\/div>\n\t\t\t\t\t\t\t\t   <\/div>[\/vc_column][vc_column width=\u00bb1\/3&#8243;][vc_single_image image=\u00bb12661&#8243; img_size=\u00bbfull\u00bb title=\u00bb\u00a1UNETE A LA ICR!\u00bb][vc_btn title=\u00bbOrgan\u00edzate\u00bb style=\u00bb3d\u00bb color=\u00bbdanger\u00bb size=\u00bblg\u00bb align=\u00bbcenter\u00bb button_block=\u00bbtrue\u00bb link=\u00bburl:https%3A%2F%2Fluchadeclases.com%2F%3Fp%3D5204&#8243;][\/vc_column][\/vc_row][vc_row css=\u00bb.vc_custom_1593748617776{margin-right: 0px !important;margin-left: 0px !important;border-left-width: 0px !important;padding-top: 0px !important;padding-right: 15px !important;padding-left: 15px !important;}\u00bb][vc_column width=\u00bb1\/3&#8243; css=\u00bb.vc_custom_1593748661006{padding-top: 10px !important;}\u00bb]<div id=\"articles_box_3\" class=\"content-only articles-box articles-box-block627\"  style=\"--blocks-color: #b50000\">\n\t\t\t\t\t\t\t\t\t\t<div class=\"articles-box-container-wrapper\">\n\t\t<div class=\"articles-box-title articles-box-title-s7\">\n\t\t\t<h3>Venezuela<\/h3><\/div><!--\/.articles-box-title\/--><div class=\"articles-box-container\">\n\t\t\t\t\t\t\t\t\t\t<div class=\"articles-box-content\"><ul class=\"articles-box-items articles-box-list-container clearfix articles-items-1\"><li class=\"articles-box-item article-item-standard\"><div class=\"article-thumb kolyoum-blocks-large\"><div class=\"block-info-cat\"><a class=\"bd-cat-link cat-48\" href=\"https:\/\/luchadeclases.com\/?cat=48\">Lucha obrera<\/a>\n<a class=\"bd-cat-link cat-558\" href=\"https:\/\/luchadeclases.com\/?cat=558\">Principal<\/a>\n<a class=\"bd-cat-link cat-483\" href=\"https:\/\/luchadeclases.com\/?cat=483\">Principales<\/a>\n<a class=\"bd-cat-link cat-2\" href=\"https:\/\/luchadeclases.com\/?cat=2\">Venezuela<\/a>\n<\/div><a href=\"https:\/\/luchadeclases.com\/?p=13268\" title=\"4 a\u00f1os sin aumento salarial: el gobierno est\u00e1 esperando una orden imperial o una rebeli\u00f3n popular\u00a0\"><img loading=\"lazy\" decoding=\"async\" width=\"406\" height=\"233\" src=\"https:\/\/luchadeclases.com\/wp-content\/uploads\/2026\/03\/salario.jpg-406x233.webp\" class=\"attachment-kolyoum-blocks-large size-kolyoum-blocks-large wp-post-image\" alt=\"\" \/><\/a><\/div><div class=\"article-details\"><h3 class=\"article-title\"><a href=\"https:\/\/luchadeclases.com\/?p=13268\" title=\"4 a\u00f1os sin aumento salarial: el gobierno est\u00e1 esperando una orden imperial o una rebeli\u00f3n popular\u00a0\">4 a\u00f1os sin aumento salarial: el gobierno est\u00e1 esperando una orden imperial o una rebeli\u00f3n popular\u00a0<\/a><\/h3><\/div><\/li><li class=\"articles-box-item article-item-standard\"><div class=\"article-thumb kolyoum-blocks-large\"><div class=\"block-info-cat\"><a class=\"bd-cat-link cat-558\" href=\"https:\/\/luchadeclases.com\/?cat=558\">Principal<\/a>\n<a class=\"bd-cat-link cat-483\" href=\"https:\/\/luchadeclases.com\/?cat=483\">Principales<\/a>\n<a class=\"bd-cat-link cat-2\" href=\"https:\/\/luchadeclases.com\/?cat=2\">Venezuela<\/a>\n<\/div><a href=\"https:\/\/luchadeclases.com\/?p=13261\" title=\"Venezuela: no es solo petr\u00f3leo, EEUU tambi\u00e9n se lleva el oro, y los minerales\"><img loading=\"lazy\" decoding=\"async\" width=\"406\" height=\"233\" src=\"https:\/\/luchadeclases.com\/wp-content\/uploads\/2025\/12\/Trump_Venezuela_Image_own_work-406x233.jpg\" class=\"attachment-kolyoum-blocks-large size-kolyoum-blocks-large wp-post-image\" alt=\"\" \/><\/a><\/div><div class=\"article-details\"><h3 class=\"article-title\"><a href=\"https:\/\/luchadeclases.com\/?p=13261\" title=\"Venezuela: no es solo petr\u00f3leo, EEUU tambi\u00e9n se lleva el oro, y los minerales\">Venezuela: no es solo petr\u00f3leo, EEUU tambi\u00e9n se lleva el oro, y los minerales<\/a><\/h3><\/div><\/li><li class=\"articles-box-item article-item-standard\"><div class=\"article-thumb kolyoum-blocks-large\"><div class=\"block-info-cat\"><a class=\"bd-cat-link cat-1298\" href=\"https:\/\/luchadeclases.com\/?cat=1298\">Am\u00e9rica latina<\/a>\n<a class=\"bd-cat-link cat-558\" href=\"https:\/\/luchadeclases.com\/?cat=558\">Principal<\/a>\n<a class=\"bd-cat-link cat-483\" href=\"https:\/\/luchadeclases.com\/?cat=483\">Principales<\/a>\n<a class=\"bd-cat-link cat-2\" href=\"https:\/\/luchadeclases.com\/?cat=2\">Venezuela<\/a>\n<\/div><a href=\"https:\/\/luchadeclases.com\/?p=13254\" title=\"Situaci\u00f3n de la mujer trabajadora en Venezuela: la soberan\u00eda se conquista en cada calle, en cada barrio y en cada cuerpo\"><img loading=\"lazy\" decoding=\"async\" width=\"406\" height=\"233\" src=\"https:\/\/luchadeclases.com\/wp-content\/uploads\/2026\/03\/8M-406x233.jpeg\" class=\"attachment-kolyoum-blocks-large size-kolyoum-blocks-large wp-post-image\" alt=\"\" \/><\/a><\/div><div class=\"article-details\"><h3 class=\"article-title\"><a href=\"https:\/\/luchadeclases.com\/?p=13254\" title=\"Situaci\u00f3n de la mujer trabajadora en Venezuela: la soberan\u00eda se conquista en cada calle, en cada barrio y en cada cuerpo\">Situaci\u00f3n de la mujer trabajadora en Venezuela: la soberan\u00eda se conquista en cada calle, en cada barrio y en cada cuerpo<\/a><\/h3><\/div><\/li><li class=\"articles-box-item article-item-standard\"><div class=\"article-thumb kolyoum-blocks-large\"><div class=\"block-info-cat\"><a class=\"bd-cat-link cat-483\" href=\"https:\/\/luchadeclases.com\/?cat=483\">Principales<\/a>\n<a class=\"bd-cat-link cat-2\" href=\"https:\/\/luchadeclases.com\/?cat=2\">Venezuela<\/a>\n<\/div><a href=\"https:\/\/luchadeclases.com\/?p=13226\" title=\"Imperialismo, transici\u00f3n y la falsa moderaci\u00f3n pol\u00edtica de Enrique M\u00e1rquez\"><img loading=\"lazy\" decoding=\"async\" width=\"406\" height=\"233\" src=\"https:\/\/luchadeclases.com\/wp-content\/uploads\/2026\/02\/Enrique-Marquez-Foto-AFP-406x233.jpg\" class=\"attachment-kolyoum-blocks-large size-kolyoum-blocks-large wp-post-image\" alt=\"\" \/><\/a><\/div><div class=\"article-details\"><h3 class=\"article-title\"><a href=\"https:\/\/luchadeclases.com\/?p=13226\" title=\"Imperialismo, transici\u00f3n y la falsa moderaci\u00f3n pol\u00edtica de Enrique M\u00e1rquez\">Imperialismo, transici\u00f3n y la falsa moderaci\u00f3n pol\u00edtica de Enrique M\u00e1rquez<\/a><\/h3><\/div><\/li><\/ul><div class=\"end_posts\"><\/div>\t\t<\/div>\n\t\t\t\t\t\t\t\t   <\/div>\t\t<\/div>\n\t\t\t\t\t\t\t\t   <\/div>[\/vc_column][vc_column width=\u00bb1\/3&#8243; css=\u00bb.vc_custom_1593748679764{padding-top: 10px !important;}\u00bb]<div id=\"articles_box_4\" class=\"content-only articles-box articles-box-block627\"  style=\"--blocks-color: #b50000\">\n\t\t\t\t\t\t\t\t\t\t<div class=\"articles-box-container-wrapper\">\n\t\t<div class=\"articles-box-title articles-box-title-s7\">\n\t\t\t<h3>Internacional<\/h3><\/div><!--\/.articles-box-title\/--><div class=\"articles-box-container\">\n\t\t\t\t\t\t\t\t\t\t<div class=\"articles-box-content\"><ul class=\"articles-box-items articles-box-list-container clearfix articles-items-1\"><li class=\"articles-box-item article-item-standard\"><div class=\"article-thumb kolyoum-blocks-large\"><div class=\"block-info-cat\"><a class=\"bd-cat-link cat-4\" href=\"https:\/\/luchadeclases.com\/?cat=4\">Internacionales<\/a>\n<a class=\"bd-cat-link cat-558\" href=\"https:\/\/luchadeclases.com\/?cat=558\">Principal<\/a>\n<a class=\"bd-cat-link cat-483\" href=\"https:\/\/luchadeclases.com\/?cat=483\">Principales<\/a>\n<\/div><a href=\"https:\/\/luchadeclases.com\/?p=13314\" title=\"El asesinato de Chris Hani: un punto de inflexi\u00f3n en la lucha revolucionaria contra el apartheid\"><img loading=\"lazy\" decoding=\"async\" width=\"406\" height=\"233\" src=\"https:\/\/luchadeclases.com\/wp-content\/uploads\/2026\/04\/Captura-de-pantalla-2026-04-24-a-las-7.38.38\u202fp.-m-406x233.png\" class=\"attachment-kolyoum-blocks-large size-kolyoum-blocks-large wp-post-image\" alt=\"\" \/><\/a><\/div><div class=\"article-details\"><h3 class=\"article-title\"><a href=\"https:\/\/luchadeclases.com\/?p=13314\" title=\"El asesinato de Chris Hani: un punto de inflexi\u00f3n en la lucha revolucionaria contra el apartheid\">El asesinato de Chris Hani: un punto de inflexi\u00f3n en la lucha revolucionaria contra el apartheid<\/a><\/h3><\/div><\/li><li class=\"articles-box-item article-item-standard\"><div class=\"article-thumb kolyoum-blocks-large\"><div class=\"block-info-cat\"><a class=\"bd-cat-link cat-4\" href=\"https:\/\/luchadeclases.com\/?cat=4\">Internacionales<\/a>\n<a class=\"bd-cat-link cat-558\" href=\"https:\/\/luchadeclases.com\/?cat=558\">Principal<\/a>\n<\/div><a href=\"https:\/\/luchadeclases.com\/?p=13287\" title=\"Manos fuera de Ehsan Ali y del Comit\u00e9 de Acci\u00f3n Awami: \u00a1d\u00eda de acci\u00f3n internacional el 2 de abril!\"><img loading=\"lazy\" decoding=\"async\" width=\"406\" height=\"233\" src=\"https:\/\/luchadeclases.com\/wp-content\/uploads\/2026\/04\/Captura-de-pantalla-2026-04-03-a-las-4.42.37\u202fp.-m-406x233.png\" class=\"attachment-kolyoum-blocks-large size-kolyoum-blocks-large wp-post-image\" alt=\"\" \/><\/a><\/div><div class=\"article-details\"><h3 class=\"article-title\"><a href=\"https:\/\/luchadeclases.com\/?p=13287\" title=\"Manos fuera de Ehsan Ali y del Comit\u00e9 de Acci\u00f3n Awami: \u00a1d\u00eda de acci\u00f3n internacional el 2 de abril!\">Manos fuera de Ehsan Ali y del Comit\u00e9 de Acci\u00f3n Awami: \u00a1d\u00eda de acci\u00f3n internacional el 2 de abril!<\/a><\/h3><\/div><\/li><li class=\"articles-box-item article-item-standard\"><div class=\"article-thumb kolyoum-blocks-large\"><div class=\"block-info-cat\"><a class=\"bd-cat-link cat-4\" href=\"https:\/\/luchadeclases.com\/?cat=4\">Internacionales<\/a>\n<\/div><a href=\"https:\/\/luchadeclases.com\/?p=13283\" title=\"La guerra entre Irak e Ir\u00e1n: el nacimiento de la Rep\u00fablica Isl\u00e1mica\"><img loading=\"lazy\" decoding=\"async\" width=\"406\" height=\"233\" src=\"https:\/\/luchadeclases.com\/wp-content\/uploads\/2026\/03\/Captura-de-pantalla-2026-03-25-a-las-9.59.04\u202fa.-m-406x233.png\" class=\"attachment-kolyoum-blocks-large size-kolyoum-blocks-large wp-post-image\" alt=\"\" \/><\/a><\/div><div class=\"article-details\"><h3 class=\"article-title\"><a href=\"https:\/\/luchadeclases.com\/?p=13283\" title=\"La guerra entre Irak e Ir\u00e1n: el nacimiento de la Rep\u00fablica Isl\u00e1mica\">La guerra entre Irak e Ir\u00e1n: el nacimiento de la Rep\u00fablica Isl\u00e1mica<\/a><\/h3><\/div><\/li><li class=\"articles-box-item article-item-standard\"><div class=\"article-thumb kolyoum-blocks-large\"><div class=\"block-info-cat\"><a class=\"bd-cat-link cat-4\" href=\"https:\/\/luchadeclases.com\/?cat=4\">Internacionales<\/a>\n<\/div><a href=\"https:\/\/luchadeclases.com\/?p=13279\" title=\"Convoy Nuestra Am\u00e9rica y la necesidad de una movilizaci\u00f3n de la clase trabajadora para defender a Cuba\"><img loading=\"lazy\" decoding=\"async\" width=\"406\" height=\"233\" src=\"https:\/\/luchadeclases.com\/wp-content\/uploads\/2026\/03\/Captura-de-pantalla-2026-03-25-a-las-9.52.21\u202fa.-m-406x233.png\" class=\"attachment-kolyoum-blocks-large size-kolyoum-blocks-large wp-post-image\" alt=\"\" \/><\/a><\/div><div class=\"article-details\"><h3 class=\"article-title\"><a href=\"https:\/\/luchadeclases.com\/?p=13279\" title=\"Convoy Nuestra Am\u00e9rica y la necesidad de una movilizaci\u00f3n de la clase trabajadora para defender a Cuba\">Convoy Nuestra Am\u00e9rica y la necesidad de una movilizaci\u00f3n de la clase trabajadora para defender a Cuba<\/a><\/h3><\/div><\/li><\/ul><div class=\"end_posts\"><\/div>\t\t<\/div>\n\t\t\t\t\t\t\t\t   <\/div>\t\t<\/div>\n\t\t\t\t\t\t\t\t   <\/div>[\/vc_column][vc_column width=\u00bb1\/3&#8243; css=\u00bb.vc_custom_1593748695607{padding-top: 10px !important;}\u00bb]<div id=\"articles_box_5\" class=\"content-only articles-box articles-box-block627\"  style=\"--blocks-color: #b50000\">\n\t\t\t\t\t\t\t\t\t\t<div class=\"articles-box-container-wrapper\">\n\t\t<div class=\"articles-box-title articles-box-title-s7\">\n\t\t\t<h3>Teor\u00eda Marxista<\/h3><\/div><!--\/.articles-box-title\/--><div class=\"articles-box-container\">\n\t\t\t\t\t\t\t\t\t\t<div class=\"articles-box-content\"><ul class=\"articles-box-items articles-box-list-container clearfix articles-items-1\"><li class=\"articles-box-item article-item-standard\"><div class=\"article-thumb kolyoum-blocks-large\"><div class=\"block-info-cat\"><a class=\"bd-cat-link cat-1474\" href=\"https:\/\/luchadeclases.com\/?cat=1474\">Bangladesh<\/a>\n<a class=\"bd-cat-link cat-51\" href=\"https:\/\/luchadeclases.com\/?cat=51\">Historia<\/a>\n<a class=\"bd-cat-link cat-483\" href=\"https:\/\/luchadeclases.com\/?cat=483\">Principales<\/a>\n<a class=\"bd-cat-link cat-11\" href=\"https:\/\/luchadeclases.com\/?cat=11\">Teor\u00eda Marxista<\/a>\n<\/div><a href=\"https:\/\/luchadeclases.com\/?p=12537\" title=\"La Guerra de Liberaci\u00f3n de 1971 y la revoluci\u00f3n inconclusa de Bangladesh\u00a0\"><img loading=\"lazy\" decoding=\"async\" width=\"406\" height=\"233\" src=\"https:\/\/luchadeclases.com\/wp-content\/uploads\/2024\/08\/Sheikh_Mujib_speech_Image_public_domain-406x233.jpg\" class=\"attachment-kolyoum-blocks-large size-kolyoum-blocks-large wp-post-image\" alt=\"\" \/><\/a><\/div><div class=\"article-details\"><h3 class=\"article-title\"><a href=\"https:\/\/luchadeclases.com\/?p=12537\" title=\"La Guerra de Liberaci\u00f3n de 1971 y la revoluci\u00f3n inconclusa de Bangladesh\u00a0\">La Guerra de Liberaci\u00f3n de 1971 y la revoluci\u00f3n inconclusa de Bangladesh\u00a0<\/a><\/h3><\/div><\/li><li class=\"articles-box-item article-item-standard\"><div class=\"article-thumb kolyoum-blocks-large\"><div class=\"block-info-cat\"><a class=\"bd-cat-link cat-68\" href=\"https:\/\/luchadeclases.com\/?cat=68\">Marxismo<\/a>\n<a class=\"bd-cat-link cat-483\" href=\"https:\/\/luchadeclases.com\/?cat=483\">Principales<\/a>\n<a class=\"bd-cat-link cat-11\" href=\"https:\/\/luchadeclases.com\/?cat=11\">Teor\u00eda Marxista<\/a>\n<\/div><a href=\"https:\/\/luchadeclases.com\/?p=12528\" title=\"Demagogos y dictadores, \u00bfqu\u00e9 es el bonapartismo?\"><img loading=\"lazy\" decoding=\"async\" width=\"406\" height=\"233\" src=\"https:\/\/luchadeclases.com\/wp-content\/uploads\/2024\/08\/CIngres_Napoleon_on_his_Imperial_throne-1-e1502987013651-406x233.jpg\" class=\"attachment-kolyoum-blocks-large size-kolyoum-blocks-large wp-post-image\" alt=\"\" \/><\/a><\/div><div class=\"article-details\"><h3 class=\"article-title\"><a href=\"https:\/\/luchadeclases.com\/?p=12528\" title=\"Demagogos y dictadores, \u00bfqu\u00e9 es el bonapartismo?\">Demagogos y dictadores, \u00bfqu\u00e9 es el bonapartismo?<\/a><\/h3><\/div><\/li><li class=\"articles-box-item article-item-standard\"><div class=\"article-thumb kolyoum-blocks-large\"><div class=\"block-info-cat\"><a class=\"bd-cat-link cat-68\" href=\"https:\/\/luchadeclases.com\/?cat=68\">Marxismo<\/a>\n<a class=\"bd-cat-link cat-483\" href=\"https:\/\/luchadeclases.com\/?cat=483\">Principales<\/a>\n<a class=\"bd-cat-link cat-11\" href=\"https:\/\/luchadeclases.com\/?cat=11\">Teor\u00eda Marxista<\/a>\n<a class=\"bd-cat-link cat-55\" href=\"https:\/\/luchadeclases.com\/?cat=55\">Teor\u00ed\u00ada marxista<\/a>\n<\/div><a href=\"https:\/\/luchadeclases.com\/?p=12431\" title=\"La enfermedad infantil del \u201cizquierdismo\u201d en el comunismo de Lenin: una nueva introducci\u00f3n\"><img loading=\"lazy\" decoding=\"async\" width=\"406\" height=\"233\" src=\"https:\/\/luchadeclases.com\/wp-content\/uploads\/2024\/07\/Lenin_book_post-406x233.png\" class=\"attachment-kolyoum-blocks-large size-kolyoum-blocks-large wp-post-image\" alt=\"\" \/><\/a><\/div><div class=\"article-details\"><h3 class=\"article-title\"><a href=\"https:\/\/luchadeclases.com\/?p=12431\" title=\"La enfermedad infantil del \u201cizquierdismo\u201d en el comunismo de Lenin: una nueva introducci\u00f3n\">La enfermedad infantil del \u201cizquierdismo\u201d en el comunismo de Lenin: una nueva introducci\u00f3n<\/a><\/h3><\/div><\/li><li class=\"articles-box-item article-item-standard\"><div class=\"article-thumb kolyoum-blocks-large\"><div class=\"block-info-cat\"><a class=\"bd-cat-link cat-68\" href=\"https:\/\/luchadeclases.com\/?cat=68\">Marxismo<\/a>\n<a class=\"bd-cat-link cat-483\" href=\"https:\/\/luchadeclases.com\/?cat=483\">Principales<\/a>\n<a class=\"bd-cat-link cat-11\" href=\"https:\/\/luchadeclases.com\/?cat=11\">Teor\u00eda Marxista<\/a>\n<a class=\"bd-cat-link cat-55\" href=\"https:\/\/luchadeclases.com\/?cat=55\">Teor\u00ed\u00ada marxista<\/a>\n<\/div><a href=\"https:\/\/luchadeclases.com\/?p=12294\" title=\"\u00bfLos comunistas son partidarios de la violencia?\"><img loading=\"lazy\" decoding=\"async\" width=\"406\" height=\"233\" src=\"https:\/\/luchadeclases.com\/wp-content\/uploads\/2024\/05\/communism_and_violence_Image_public_domain-406x233.jpeg\" class=\"attachment-kolyoum-blocks-large size-kolyoum-blocks-large wp-post-image\" alt=\"\" srcset=\"https:\/\/luchadeclases.com\/wp-content\/uploads\/2024\/05\/communism_and_violence_Image_public_domain-406x233.jpeg 406w, https:\/\/luchadeclases.com\/wp-content\/uploads\/2024\/05\/communism_and_violence_Image_public_domain-1218x698.jpeg 1218w\" sizes=\"(max-width: 406px) 100vw, 406px\" \/><\/a><\/div><div class=\"article-details\"><h3 class=\"article-title\"><a href=\"https:\/\/luchadeclases.com\/?p=12294\" title=\"\u00bfLos comunistas son partidarios de la violencia?\">\u00bfLos comunistas son partidarios de la violencia?<\/a><\/h3><\/div><\/li><\/ul><div class=\"end_posts\"><\/div>\t\t<\/div>\n\t\t\t\t\t\t\t\t   <\/div>\t\t<\/div>\n\t\t\t\t\t\t\t\t   <\/div>[\/vc_column][\/vc_row][vc_row css=\u00bb.vc_custom_1593748617776{margin-right: 0px !important;margin-left: 0px !important;border-left-width: 0px !important;padding-top: 0px !important;padding-right: 15px !important;padding-left: 15px !important;}\u00bb][vc_column width=\u00bb1\/3&#8243; css=\u00bb.vc_custom_1593748661006{padding-top: 10px !important;}\u00bb]<div id=\"articles_box_6\" class=\"content-only articles-box articles-box-block627\"  style=\"--blocks-color: #b50000\">\n\t\t\t\t\t\t\t\t\t\t<div class=\"articles-box-container-wrapper\">\n\t\t<div class=\"articles-box-title articles-box-title-s7\">\n\t\t\t<h3>Venezuela<\/h3><\/div><!--\/.articles-box-title\/--><div class=\"articles-box-container\">\n\t\t\t\t\t\t\t\t\t\t<div class=\"articles-box-content\"><ul class=\"articles-box-items articles-box-list-container clearfix articles-items-1\"><li class=\"articles-box-item article-item-standard\"><div class=\"article-thumb kolyoum-blocks-large\"><div class=\"block-info-cat\"><a class=\"bd-cat-link cat-483\" href=\"https:\/\/luchadeclases.com\/?cat=483\">Principales<\/a>\n<a class=\"bd-cat-link cat-2\" href=\"https:\/\/luchadeclases.com\/?cat=2\">Venezuela<\/a>\n<\/div><a href=\"https:\/\/luchadeclases.com\/?p=13240\" title=\"Venezuela: Corina Machado le entrega el Nobel a Trump \u2013 el jefe de la CIA se re\u00fane con Delcy\"><img loading=\"lazy\" decoding=\"async\" width=\"406\" height=\"233\" src=\"https:\/\/luchadeclases.com\/wp-content\/uploads\/2026\/03\/Captura-de-pantalla-2026-03-05-a-las-12.47.19\u202fp.-m-406x233.png\" class=\"attachment-kolyoum-blocks-large size-kolyoum-blocks-large wp-post-image\" alt=\"\" \/><\/a><\/div><div class=\"article-details\"><h3 class=\"article-title\"><a href=\"https:\/\/luchadeclases.com\/?p=13240\" title=\"Venezuela: Corina Machado le entrega el Nobel a Trump \u2013 el jefe de la CIA se re\u00fane con Delcy\">Venezuela: Corina Machado le entrega el Nobel a Trump \u2013 el jefe de la CIA se re\u00fane con Delcy<\/a><\/h3><\/div><\/li><li class=\"articles-box-item article-item-standard\"><div class=\"article-thumb kolyoum-blocks-large\"><div class=\"block-info-cat\"><a class=\"bd-cat-link cat-483\" href=\"https:\/\/luchadeclases.com\/?cat=483\">Principales<\/a>\n<a class=\"bd-cat-link cat-2\" href=\"https:\/\/luchadeclases.com\/?cat=2\">Venezuela<\/a>\n<\/div><a href=\"https:\/\/luchadeclases.com\/?p=13234\" title=\"EEUU empieza a vender petr\u00f3leo venezolano y administrar\u00e1 los beneficios &#8211; un arreglo semi-colonial\"><img loading=\"lazy\" decoding=\"async\" width=\"406\" height=\"233\" src=\"https:\/\/luchadeclases.com\/wp-content\/uploads\/2026\/03\/Captura-de-pantalla-2026-03-05-a-las-12.17.37\u202fp.-m-406x233.png\" class=\"attachment-kolyoum-blocks-large size-kolyoum-blocks-large wp-post-image\" alt=\"\" \/><\/a><\/div><div class=\"article-details\"><h3 class=\"article-title\"><a href=\"https:\/\/luchadeclases.com\/?p=13234\" title=\"EEUU empieza a vender petr\u00f3leo venezolano y administrar\u00e1 los beneficios &#8211; un arreglo semi-colonial\">EEUU empieza a vender petr\u00f3leo venezolano y administrar\u00e1 los beneficios &#8211; un arreglo semi-colonial<\/a><\/h3><\/div><\/li><li class=\"articles-box-item article-item-standard\"><div class=\"article-thumb kolyoum-blocks-large\"><div class=\"block-info-cat\"><a class=\"bd-cat-link cat-4\" href=\"https:\/\/luchadeclases.com\/?cat=4\">Internacionales<\/a>\n<a class=\"bd-cat-link cat-483\" href=\"https:\/\/luchadeclases.com\/?cat=483\">Principales<\/a>\n<a class=\"bd-cat-link cat-2\" href=\"https:\/\/luchadeclases.com\/?cat=2\">Venezuela<\/a>\n<\/div><a href=\"https:\/\/luchadeclases.com\/?p=13213\" title=\"A una semana de la agresi\u00f3n imperialista &#8211; \u00bfa d\u00f3nde va Venezuela?\"><img loading=\"lazy\" decoding=\"async\" width=\"406\" height=\"233\" src=\"https:\/\/luchadeclases.com\/wp-content\/uploads\/2026\/01\/New_Delcy_Image_own_work-406x233.jpg\" class=\"attachment-kolyoum-blocks-large size-kolyoum-blocks-large wp-post-image\" alt=\"\" \/><\/a><\/div><div class=\"article-details\"><h3 class=\"article-title\"><a href=\"https:\/\/luchadeclases.com\/?p=13213\" title=\"A una semana de la agresi\u00f3n imperialista &#8211; \u00bfa d\u00f3nde va Venezuela?\">A una semana de la agresi\u00f3n imperialista &#8211; \u00bfa d\u00f3nde va Venezuela?<\/a><\/h3><\/div><\/li><li class=\"articles-box-item article-item-standard\"><div class=\"article-thumb kolyoum-blocks-large\"><div class=\"block-info-cat\"><a class=\"bd-cat-link cat-4\" href=\"https:\/\/luchadeclases.com\/?cat=4\">Internacionales<\/a>\n<a class=\"bd-cat-link cat-483\" href=\"https:\/\/luchadeclases.com\/?cat=483\">Principales<\/a>\n<a class=\"bd-cat-link cat-2\" href=\"https:\/\/luchadeclases.com\/?cat=2\">Venezuela<\/a>\n<\/div><a href=\"https:\/\/luchadeclases.com\/?p=13206\" title=\"Ataque estadounidense contra Venezuela: la \u00abDoctrina Donroe\u00bb en acci\u00f3n\"><img loading=\"lazy\" decoding=\"async\" width=\"406\" height=\"233\" src=\"https:\/\/luchadeclases.com\/wp-content\/uploads\/2026\/01\/Vz_invasion_website-406x233.png\" class=\"attachment-kolyoum-blocks-large size-kolyoum-blocks-large wp-post-image\" alt=\"\" \/><\/a><\/div><div class=\"article-details\"><h3 class=\"article-title\"><a href=\"https:\/\/luchadeclases.com\/?p=13206\" title=\"Ataque estadounidense contra Venezuela: la \u00abDoctrina Donroe\u00bb en acci\u00f3n\">Ataque estadounidense contra Venezuela: la \u00abDoctrina Donroe\u00bb en acci\u00f3n<\/a><\/h3><\/div><\/li><\/ul><div class=\"end_posts\"><\/div>\t\t<\/div>\n\t\t\t\t\t\t\t\t   <\/div>\t\t<\/div>\n\t\t\t\t\t\t\t\t   <\/div>[\/vc_column][vc_column width=\u00bb1\/3&#8243; css=\u00bb.vc_custom_1593748679764{padding-top: 10px !important;}\u00bb]<div id=\"articles_box_7\" class=\"content-only articles-box articles-box-block627\"  style=\"--blocks-color: #b50000\">\n\t\t\t\t\t\t\t\t\t\t<div class=\"articles-box-container-wrapper\">\n\t\t<div class=\"articles-box-title articles-box-title-s7\">\n\t\t\t<h3>Internacional<\/h3><\/div><!--\/.articles-box-title\/--><div class=\"articles-box-container\">\n\t\t\t\t\t\t\t\t\t\t<div class=\"articles-box-content\"><ul class=\"articles-box-items articles-box-list-container clearfix articles-items-1\"><li class=\"articles-box-item article-item-standard\"><div class=\"article-thumb kolyoum-blocks-large\"><div class=\"block-info-cat\"><a class=\"bd-cat-link cat-99\" href=\"https:\/\/luchadeclases.com\/?cat=99\">EEUU<\/a>\n<a class=\"bd-cat-link cat-4\" href=\"https:\/\/luchadeclases.com\/?cat=4\">Internacionales<\/a>\n<a class=\"bd-cat-link cat-483\" href=\"https:\/\/luchadeclases.com\/?cat=483\">Principales<\/a>\n<\/div><a href=\"https:\/\/luchadeclases.com\/?p=13217\" title=\"Estados Unidos: Asesinato de Renee Good por parte del ICE \u2013 \u00bfqui\u00e9nes son los verdaderos terroristas?\"><img loading=\"lazy\" decoding=\"async\" width=\"406\" height=\"233\" src=\"https:\/\/luchadeclases.com\/wp-content\/uploads\/2026\/01\/Minneapolis-Anti-Ice-Demo-Image-Chad-Davis-Flickr-406x233.webp\" class=\"attachment-kolyoum-blocks-large size-kolyoum-blocks-large wp-post-image\" alt=\"\" \/><\/a><\/div><div class=\"article-details\"><h3 class=\"article-title\"><a href=\"https:\/\/luchadeclases.com\/?p=13217\" title=\"Estados Unidos: Asesinato de Renee Good por parte del ICE \u2013 \u00bfqui\u00e9nes son los verdaderos terroristas?\">Estados Unidos: Asesinato de Renee Good por parte del ICE \u2013 \u00bfqui\u00e9nes son los verdaderos terroristas?<\/a><\/h3><\/div><\/li><li class=\"articles-box-item article-item-standard\"><div class=\"article-thumb kolyoum-blocks-large\"><div class=\"block-info-cat\"><a class=\"bd-cat-link cat-848\" href=\"https:\/\/luchadeclases.com\/?cat=848\">Colombia<\/a>\n<a class=\"bd-cat-link cat-4\" href=\"https:\/\/luchadeclases.com\/?cat=4\">Internacionales<\/a>\n<a class=\"bd-cat-link cat-483\" href=\"https:\/\/luchadeclases.com\/?cat=483\">Principales<\/a>\n<\/div><a href=\"https:\/\/luchadeclases.com\/?p=13210\" title=\"Despu\u00e9s de Venezuela, Trump le dice a Colombia que es la siguiente: \u00bfc\u00f3mo combatimos el imperialismo?\"><img loading=\"lazy\" decoding=\"async\" width=\"406\" height=\"233\" src=\"https:\/\/luchadeclases.com\/wp-content\/uploads\/2026\/01\/trump_petro-406x233.jpg\" class=\"attachment-kolyoum-blocks-large size-kolyoum-blocks-large wp-post-image\" alt=\"\" \/><\/a><\/div><div class=\"article-details\"><h3 class=\"article-title\"><a href=\"https:\/\/luchadeclases.com\/?p=13210\" title=\"Despu\u00e9s de Venezuela, Trump le dice a Colombia que es la siguiente: \u00bfc\u00f3mo combatimos el imperialismo?\">Despu\u00e9s de Venezuela, Trump le dice a Colombia que es la siguiente: \u00bfc\u00f3mo combatimos el imperialismo?<\/a><\/h3><\/div><\/li><li class=\"articles-box-item article-item-standard\"><div class=\"article-thumb kolyoum-blocks-large\"><div class=\"block-info-cat\"><a class=\"bd-cat-link cat-4\" href=\"https:\/\/luchadeclases.com\/?cat=4\">Internacionales<\/a>\n<a class=\"bd-cat-link cat-483\" href=\"https:\/\/luchadeclases.com\/?cat=483\">Principales<\/a>\n<a class=\"bd-cat-link cat-2\" href=\"https:\/\/luchadeclases.com\/?cat=2\">Venezuela<\/a>\n<\/div><a href=\"https:\/\/luchadeclases.com\/?p=13202\" title=\"El ataque de Trump contra Venezuela: \u00a1condenamos este acto de agresi\u00f3n criminal! \u2013 Declaraci\u00f3n de la ICR\"><img loading=\"lazy\" decoding=\"async\" width=\"406\" height=\"233\" src=\"https:\/\/luchadeclases.com\/wp-content\/uploads\/2026\/01\/HoV_Image_fair_use-406x233.jpg\" class=\"attachment-kolyoum-blocks-large size-kolyoum-blocks-large wp-post-image\" alt=\"\" \/><\/a><\/div><div class=\"article-details\"><h3 class=\"article-title\"><a href=\"https:\/\/luchadeclases.com\/?p=13202\" title=\"El ataque de Trump contra Venezuela: \u00a1condenamos este acto de agresi\u00f3n criminal! \u2013 Declaraci\u00f3n de la ICR\">El ataque de Trump contra Venezuela: \u00a1condenamos este acto de agresi\u00f3n criminal! \u2013 Declaraci\u00f3n de la ICR<\/a><\/h3><\/div><\/li><li class=\"articles-box-item article-item-standard\"><div class=\"article-thumb kolyoum-blocks-large\"><div class=\"block-info-cat\"><a class=\"bd-cat-link cat-4\" href=\"https:\/\/luchadeclases.com\/?cat=4\">Internacionales<\/a>\n<a class=\"bd-cat-link cat-483\" href=\"https:\/\/luchadeclases.com\/?cat=483\">Principales<\/a>\n<a class=\"bd-cat-link cat-2\" href=\"https:\/\/luchadeclases.com\/?cat=2\">Venezuela<\/a>\n<\/div><a href=\"https:\/\/luchadeclases.com\/?p=13190\" title=\"Trump declara un bloqueo petrolero a Venezuela: \u00a1Estados Unidos ya est\u00e1 en guerra!\"><img loading=\"lazy\" decoding=\"async\" width=\"406\" height=\"233\" src=\"https:\/\/luchadeclases.com\/wp-content\/uploads\/2025\/12\/trump_oil_venezuela_Image_own_work-406x233.jpg\" class=\"attachment-kolyoum-blocks-large size-kolyoum-blocks-large wp-post-image\" alt=\"\" \/><\/a><\/div><div class=\"article-details\"><h3 class=\"article-title\"><a href=\"https:\/\/luchadeclases.com\/?p=13190\" title=\"Trump declara un bloqueo petrolero a Venezuela: \u00a1Estados Unidos ya est\u00e1 en guerra!\">Trump declara un bloqueo petrolero a Venezuela: \u00a1Estados Unidos ya est\u00e1 en guerra!<\/a><\/h3><\/div><\/li><\/ul><div class=\"end_posts\"><\/div>\t\t<\/div>\n\t\t\t\t\t\t\t\t   <\/div>\t\t<\/div>\n\t\t\t\t\t\t\t\t   <\/div>[\/vc_column][vc_column width=\u00bb1\/3&#8243; css=\u00bb.vc_custom_1593748695607{padding-top: 10px !important;}\u00bb]<div id=\"articles_box_8\" class=\"content-only articles-box articles-box-block627\"  style=\"--blocks-color: #b50000\">\n\t\t\t\t\t\t\t\t\t\t<div class=\"articles-box-container-wrapper\">\n\t\t<div class=\"articles-box-title articles-box-title-s7\">\n\t\t\t<h3>Teor\u00eda Marxista<\/h3><\/div><!--\/.articles-box-title\/--><div class=\"articles-box-container\">\n\t\t\t\t\t\t\t\t\t\t<div class=\"articles-box-content\"><ul class=\"articles-box-items articles-box-list-container clearfix articles-items-1\"><li class=\"articles-box-item article-item-standard\"><div class=\"article-thumb kolyoum-blocks-large\"><div class=\"block-info-cat\"><a class=\"bd-cat-link cat-7\" href=\"https:\/\/luchadeclases.com\/?cat=7\">Brasil<\/a>\n<a class=\"bd-cat-link cat-4\" href=\"https:\/\/luchadeclases.com\/?cat=4\">Internacionales<\/a>\n<a class=\"bd-cat-link cat-68\" href=\"https:\/\/luchadeclases.com\/?cat=68\">Marxismo<\/a>\n<a class=\"bd-cat-link cat-483\" href=\"https:\/\/luchadeclases.com\/?cat=483\">Principales<\/a>\n<a class=\"bd-cat-link cat-11\" href=\"https:\/\/luchadeclases.com\/?cat=11\">Teor\u00eda Marxista<\/a>\n<a class=\"bd-cat-link cat-55\" href=\"https:\/\/luchadeclases.com\/?cat=55\">Teor\u00ed\u00ada marxista<\/a>\n<\/div><a href=\"https:\/\/luchadeclases.com\/?p=12280\" title=\"La crisis del movimiento comunista: hay que volver a Lenin\"><img loading=\"lazy\" decoding=\"async\" width=\"406\" height=\"233\" src=\"https:\/\/luchadeclases.com\/wp-content\/uploads\/2024\/05\/Alan_Woods_Image_em_defensa_do_comunismo-406x233.jpeg\" class=\"attachment-kolyoum-blocks-large size-kolyoum-blocks-large wp-post-image\" alt=\"\" \/><\/a><\/div><div class=\"article-details\"><h3 class=\"article-title\"><a href=\"https:\/\/luchadeclases.com\/?p=12280\" title=\"La crisis del movimiento comunista: hay que volver a Lenin\">La crisis del movimiento comunista: hay que volver a Lenin<\/a><\/h3><\/div><\/li><li class=\"articles-box-item article-item-standard\"><div class=\"article-thumb kolyoum-blocks-large\"><div class=\"block-info-cat\"><a class=\"bd-cat-link cat-547\" href=\"https:\/\/luchadeclases.com\/?cat=547\">internacional<\/a>\n<a class=\"bd-cat-link cat-68\" href=\"https:\/\/luchadeclases.com\/?cat=68\">Marxismo<\/a>\n<a class=\"bd-cat-link cat-483\" href=\"https:\/\/luchadeclases.com\/?cat=483\">Principales<\/a>\n<a class=\"bd-cat-link cat-11\" href=\"https:\/\/luchadeclases.com\/?cat=11\">Teor\u00eda Marxista<\/a>\n<a class=\"bd-cat-link cat-55\" href=\"https:\/\/luchadeclases.com\/?cat=55\">Teor\u00ed\u00ada marxista<\/a>\n<\/div><a href=\"https:\/\/luchadeclases.com\/?p=12274\" title=\"El Imperialismo fase superior del capitalismo de Lenin: comprender la realidad para transformarla\"><img loading=\"lazy\" decoding=\"async\" width=\"406\" height=\"233\" src=\"https:\/\/luchadeclases.com\/wp-content\/uploads\/2024\/05\/imperialism_Image_own_work-406x233.png\" class=\"attachment-kolyoum-blocks-large size-kolyoum-blocks-large wp-post-image\" alt=\"\" \/><\/a><\/div><div class=\"article-details\"><h3 class=\"article-title\"><a href=\"https:\/\/luchadeclases.com\/?p=12274\" title=\"El Imperialismo fase superior del capitalismo de Lenin: comprender la realidad para transformarla\">El Imperialismo fase superior del capitalismo de Lenin: comprender la realidad para transformarla<\/a><\/h3><\/div><\/li><li class=\"articles-box-item article-item-standard\"><div class=\"article-thumb kolyoum-blocks-large\"><div class=\"block-info-cat\"><a class=\"bd-cat-link cat-68\" href=\"https:\/\/luchadeclases.com\/?cat=68\">Marxismo<\/a>\n<a class=\"bd-cat-link cat-483\" href=\"https:\/\/luchadeclases.com\/?cat=483\">Principales<\/a>\n<a class=\"bd-cat-link cat-11\" href=\"https:\/\/luchadeclases.com\/?cat=11\">Teor\u00eda Marxista<\/a>\n<\/div><a href=\"https:\/\/luchadeclases.com\/?p=12199\" title=\"En Defensa de Lenin\"><img loading=\"lazy\" decoding=\"async\" width=\"406\" height=\"233\" src=\"https:\/\/luchadeclases.com\/wp-content\/uploads\/2024\/04\/lenin-406x233.jpeg\" class=\"attachment-kolyoum-blocks-large size-kolyoum-blocks-large wp-post-image\" alt=\"\" \/><\/a><\/div><div class=\"article-details\"><h3 class=\"article-title\"><a href=\"https:\/\/luchadeclases.com\/?p=12199\" title=\"En Defensa de Lenin\">En Defensa de Lenin<\/a><\/h3><\/div><\/li><li class=\"articles-box-item article-item-standard\"><div class=\"article-thumb kolyoum-blocks-large\"><div class=\"block-info-cat\"><a class=\"bd-cat-link cat-4\" href=\"https:\/\/luchadeclases.com\/?cat=4\">Internacionales<\/a>\n<a class=\"bd-cat-link cat-68\" href=\"https:\/\/luchadeclases.com\/?cat=68\">Marxismo<\/a>\n<a class=\"bd-cat-link cat-483\" href=\"https:\/\/luchadeclases.com\/?cat=483\">Principales<\/a>\n<a class=\"bd-cat-link cat-11\" href=\"https:\/\/luchadeclases.com\/?cat=11\">Teor\u00eda Marxista<\/a>\n<\/div><a href=\"https:\/\/luchadeclases.com\/?p=12181\" title=\"Lenin acerca del imperialismo, la lucha por la hegemon\u00eda mundial y la guerra: su vigencia Hoy\"><img loading=\"lazy\" decoding=\"async\" width=\"406\" height=\"233\" src=\"https:\/\/luchadeclases.com\/wp-content\/uploads\/2024\/04\/f.elconfidencial.com_original_41c_a3e_0d2_41ca3e0d2e87d8c78bf8b710317b987f-406x233.jpg\" class=\"attachment-kolyoum-blocks-large size-kolyoum-blocks-large wp-post-image\" alt=\"\" \/><\/a><\/div><div class=\"article-details\"><h3 class=\"article-title\"><a href=\"https:\/\/luchadeclases.com\/?p=12181\" title=\"Lenin acerca del imperialismo, la lucha por la hegemon\u00eda mundial y la guerra: su vigencia Hoy\">Lenin acerca del imperialismo, la lucha por la hegemon\u00eda mundial y la guerra: su vigencia Hoy<\/a><\/h3><\/div><\/li><\/ul><div class=\"end_posts\"><\/div>\t\t<\/div>\n\t\t\t\t\t\t\t\t   <\/div>\t\t<\/div>\n\t\t\t\t\t\t\t\t   <\/div>[\/vc_column][\/vc_row]\n","protected":false},"excerpt":{"rendered":"<p>En el a\u00f1o del centenario de&nbsp;Lenin, entre los diferentes conflictos armados activos en el mundo, son las guerras en&nbsp;Ucrania&nbsp;y la masacre del Estado sionista israel\u00ed en&nbsp;Gaza&nbsp;las que quiz\u00e1s expresen de forma m\u00e1s aguda y descarnada el horror sin fin que para la humanidad implica la crisis org\u00e1nica del capitalismo. Por todo ello, para los comunistas es m\u00e1s urgente que nunca formarnos en la teor\u00eda revolucionaria, arm\u00e1ndonos con las ideas y el programa necesario para poder intervenir de manera efectiva en la lucha de clases. En concreto, y para poder entender los motivos e intereses que bajo el capitalismo condicionan y explican las relaciones y conflictos entre las naciones, es vital estudiar los escritos donde Lenin aborda la caracterizaci\u00f3n del Imperialismo. Para ello, debemos empezar por su texto cl\u00e1sico\u00a0El\u00a0Imperialismo Fase Superior del Capitalismo, en el que explica cu\u00e1ndo y porqu\u00e9 surge, su significado, sus implicaciones econ\u00f3micas, pol\u00edticas e hist\u00f3ricas; y as\u00ed mismo, para comprender c\u00f3mo abordar el car\u00e1cter espec\u00edfico de una guerra, su esencia y por ende, la actitud que de ello se deriva, y c\u00f3mo debemos actuar los comunistas en cada conflicto concreto. Nos referiremos tambi\u00e9n, a algunos de los escritos en los que Lenin explica su postura respecto a &hellip;<\/p>\n","protected":false},"author":1,"featured_media":0,"parent":0,"menu_order":0,"comment_status":"closed","ping_status":"closed","template":"elementor_header_footer","meta":{"footnotes":""},"class_list":["post-8291","page","type-page","status-publish","hentry"],"_links":{"self":[{"href":"https:\/\/luchadeclases.com\/index.php?rest_route=\/wp\/v2\/pages\/8291","targetHints":{"allow":["GET"]}}],"collection":[{"href":"https:\/\/luchadeclases.com\/index.php?rest_route=\/wp\/v2\/pages"}],"about":[{"href":"https:\/\/luchadeclases.com\/index.php?rest_route=\/wp\/v2\/types\/page"}],"author":[{"embeddable":true,"href":"https:\/\/luchadeclases.com\/index.php?rest_route=\/wp\/v2\/users\/1"}],"replies":[{"embeddable":true,"href":"https:\/\/luchadeclases.com\/index.php?rest_route=%2Fwp%2Fv2%2Fcomments&post=8291"}],"version-history":[{"count":66,"href":"https:\/\/luchadeclases.com\/index.php?rest_route=\/wp\/v2\/pages\/8291\/revisions"}],"predecessor-version":[{"id":12671,"href":"https:\/\/luchadeclases.com\/index.php?rest_route=\/wp\/v2\/pages\/8291\/revisions\/12671"}],"wp:attachment":[{"href":"https:\/\/luchadeclases.com\/index.php?rest_route=%2Fwp%2Fv2%2Fmedia&parent=8291"}],"curies":[{"name":"wp","href":"https:\/\/api.w.org\/{rel}","templated":true}]}}